{"id":464,"date":"2024-03-11T21:34:38","date_gmt":"2024-03-11T21:34:38","guid":{"rendered":"https:\/\/eco-terra.mx\/inicio\/?page_id=464"},"modified":"2024-03-13T22:33:01","modified_gmt":"2024-03-13T22:33:01","slug":"capacitacion-y-peritaje","status":"publish","type":"page","link":"https:\/\/eco-terra.mx\/inicio\/capacitacion-y-peritaje\/","title":{"rendered":""},"content":{"rendered":"\t\t<div data-elementor-type=\"wp-page\" data-elementor-id=\"464\" class=\"elementor elementor-464\">\n\t\t\t\t<div class=\"elementor-element elementor-element-44e9d82 e-flex e-con-boxed e-con e-parent\" data-id=\"44e9d82\" data-element_type=\"container\" data-e-type=\"container\" data-settings=\"{&quot;background_background&quot;:&quot;classic&quot;}\">\n\t\t\t\t\t<div class=\"e-con-inner\">\n\t\t\t\t<div class=\"elementor-element elementor-element-d04bada elementor-widget elementor-widget-spacer\" data-id=\"d04bada\" data-element_type=\"widget\" data-e-type=\"widget\" data-widget_type=\"spacer.default\">\n\t\t\t\t<div class=\"elementor-widget-container\">\n\t\t\t\t\t\t\t<div class=\"elementor-spacer\">\n\t\t\t<div class=\"elementor-spacer-inner\"><\/div>\n\t\t<\/div>\n\t\t\t\t\t\t<\/div>\n\t\t\t\t<\/div>\n\t\t\t\t<div class=\"elementor-element elementor-element-ef591fc elementor-widget elementor-widget-heading\" data-id=\"ef591fc\" data-element_type=\"widget\" data-e-type=\"widget\" data-widget_type=\"heading.default\">\n\t\t\t\t<div class=\"elementor-widget-container\">\n\t\t\t\t\t<h2 class=\"elementor-heading-title elementor-size-default\">Capacitaci\u00f3n y Peritaje<\/h2>\t\t\t\t<\/div>\n\t\t\t\t<\/div>\n\t\t\t\t<div class=\"elementor-element elementor-element-448452f elementor-widget elementor-widget-spacer\" data-id=\"448452f\" data-element_type=\"widget\" data-e-type=\"widget\" data-widget_type=\"spacer.default\">\n\t\t\t\t<div class=\"elementor-widget-container\">\n\t\t\t\t\t\t\t<div class=\"elementor-spacer\">\n\t\t\t<div class=\"elementor-spacer-inner\"><\/div>\n\t\t<\/div>\n\t\t\t\t\t\t<\/div>\n\t\t\t\t<\/div>\n\t\t\t\t\t<\/div>\n\t\t\t\t<\/div>\n\t\t<div class=\"elementor-element elementor-element-3b3c164 e-flex e-con-boxed e-con e-parent\" data-id=\"3b3c164\" data-element_type=\"container\" data-e-type=\"container\">\n\t\t\t\t\t<div class=\"e-con-inner\">\n\t\t<div class=\"elementor-element elementor-element-6df0bf0 e-con-full e-flex e-con e-child\" data-id=\"6df0bf0\" data-element_type=\"container\" data-e-type=\"container\">\n\t\t\t\t<div class=\"elementor-element elementor-element-1f9aecf elementor-widget elementor-widget-text-editor\" data-id=\"1f9aecf\" data-element_type=\"widget\" data-e-type=\"widget\" data-widget_type=\"text-editor.default\">\n\t\t\t\t<div class=\"elementor-widget-container\">\n\t\t\t\t\t\t\t\t\t<ul><li>Dict\u00e1menes t\u00e9cnicos y peritaje ambiental.<\/li><li>Evaluaci\u00f3n de da\u00f1os ambientales.<\/li><li>Seminarios y cursos, entrenamiento y capacitaciones en temas socio-ambientales con ponentes nacionales y extranjeros.<\/li><li>Investigaciones ambientales para determinar fuentes, causas consecuencias (Environmental Forensics).<\/li><li>Talleres de Planeaci\u00f3n estrat\u00e9gica y sustentabilidad.<\/li><\/ul>\t\t\t\t\t\t\t\t<\/div>\n\t\t\t\t<\/div>\n\t\t\t\t<\/div>\n\t\t<div class=\"elementor-element elementor-element-76c4da4 e-con-full e-flex e-con e-child\" data-id=\"76c4da4\" data-element_type=\"container\" data-e-type=\"container\">\n\t\t\t\t<div class=\"elementor-element elementor-element-c087c15 elementor-widget elementor-widget-image\" data-id=\"c087c15\" data-element_type=\"widget\" data-e-type=\"widget\" data-widget_type=\"image.default\">\n\t\t\t\t<div class=\"elementor-widget-container\">\n\t\t\t\t\t\t\t\t\t\t\t\t\t\t\t<img fetchpriority=\"high\" decoding=\"async\" width=\"950\" height=\"730\" src=\"https:\/\/eco-terra.mx\/inicio\/wp-content\/uploads\/2024\/03\/Imagen23-1024x787.png\" class=\"attachment-large size-large wp-image-466\" alt=\"\" srcset=\"https:\/\/eco-terra.mx\/inicio\/wp-content\/uploads\/2024\/03\/Imagen23-1024x787.png 1024w, https:\/\/eco-terra.mx\/inicio\/wp-content\/uploads\/2024\/03\/Imagen23-300x231.png 300w, https:\/\/eco-terra.mx\/inicio\/wp-content\/uploads\/2024\/03\/Imagen23-1536x1181.png 1536w, https:\/\/eco-terra.mx\/inicio\/wp-content\/uploads\/2024\/03\/Imagen23.png 1746w\" sizes=\"100vw\" \/>\t\t\t\t\t\t\t\t\t\t\t\t\t\t\t<\/div>\n\t\t\t\t<\/div>\n\t\t\t\t<\/div>\n\t\t\t\t\t<\/div>\n\t\t\t\t<\/div>\n\t\t\t\t<\/div>\n\t\t","protected":false},"excerpt":{"rendered":"<p>Capacitaci\u00f3n y Peritaje Dict\u00e1menes t\u00e9cnicos y peritaje ambiental. Evaluaci\u00f3n de da\u00f1os ambientales. Seminarios y cursos, entrenamiento y capacitaciones en temas socio-ambientales con ponentes nacionales y extranjeros. Investigaciones ambientales para determinar fuentes, causas consecuencias (Environmental Forensics). Talleres de Planeaci\u00f3n estrat\u00e9gica y sustentabilidad.<\/p>\n","protected":false},"author":1,"featured_media":0,"parent":0,"menu_order":0,"comment_status":"closed","ping_status":"closed","template":"","meta":{"inspiro_hide_title":false,"footnotes":""},"class_list":["post-464","page","type-page","status-publish","hentry"],"_links":{"self":[{"href":"https:\/\/eco-terra.mx\/inicio\/wp-json\/wp\/v2\/pages\/464","targetHints":{"allow":["GET"]}}],"collection":[{"href":"https:\/\/eco-terra.mx\/inicio\/wp-json\/wp\/v2\/pages"}],"about":[{"href":"https:\/\/eco-terra.mx\/inicio\/wp-json\/wp\/v2\/types\/page"}],"author":[{"embeddable":true,"href":"https:\/\/eco-terra.mx\/inicio\/wp-json\/wp\/v2\/users\/1"}],"replies":[{"embeddable":true,"href":"https:\/\/eco-terra.mx\/inicio\/wp-json\/wp\/v2\/comments?post=464"}],"version-history":[{"count":8,"href":"https:\/\/eco-terra.mx\/inicio\/wp-json\/wp\/v2\/pages\/464\/revisions"}],"predecessor-version":[{"id":657,"href":"https:\/\/eco-terra.mx\/inicio\/wp-json\/wp\/v2\/pages\/464\/revisions\/657"}],"wp:attachment":[{"href":"https:\/\/eco-terra.mx\/inicio\/wp-json\/wp\/v2\/media?parent=464"}],"curies":[{"name":"wp","href":"https:\/\/api.w.org\/{rel}","templated":true}]}}